{"id":714,"date":"2023-08-24T08:30:35","date_gmt":"2023-08-24T08:30:35","guid":{"rendered":"https:\/\/www.ezag.com\/?page_id=714"},"modified":"2026-06-25T13:00:29","modified_gmt":"2026-06-25T12:00:29","slug":"corporate-governance","status":"publish","type":"page","link":"https:\/\/www.ezag.com\/de\/investoren\/corporate-governance\/","title":{"rendered":"Corporate Governance"},"content":{"rendered":"","protected":false},"excerpt":{"rendered":"","protected":false},"author":1,"featured_media":0,"parent":10,"menu_order":298,"comment_status":"closed","ping_status":"closed","template":"","meta":{"_acf_changed":false},"class_list":["post-714","page","type-page","status-publish","hentry"],"acf":{"header":[{"acf_fc_layout":"modul_hero","select":"normal","breadcrumb":false,"bild":694,"headline":"Corporate Governance","headlinetype":"h1","headlineclass":"h1","subline":"","sublinetype":"p","sublineclass":"p","text":"Nachfolgend finden Sie s\u00e4mtliche Informationen und Erkl\u00e4rungen im Rahmen der guten Unternehmensf\u00fchrung der Eckert &amp; Ziegler SE. Dies beinhaltet auch Informationen zum benannten Abschlusspr\u00fcfer sowie der Verg\u00fctung.","links":[{"link":""}],"id":"","abstand_oben":false,"abstand_unten":false}],"module":[{"acf_fc_layout":"modul_download","optik":"col-md-12","links":[{"file":9716,"link":"","text":"Satzung der Eckert & Ziegler SE"},{"file":5909,"link":"","text":"Gesch\u00e4ftsordnung f\u00fcr den Aufsichtsrat"}],"more":"","moretext":"","id":"","abstand_oben":false,"abstand_unten":true},{"acf_fc_layout":"modul_download","optik":"col-md-12","links":[{"file":10372,"link":"","text":"Erkl\u00e4rung zur Unternehmensf\u00fchrung 2025"}],"more":"","moretext":"","id":"","abstand_oben":true,"abstand_unten":true},{"acf_fc_layout":"modul_text","headline":"","headlinetype":"p","headlineclass":"p","text":"","link":{"title":"Archiv Erkl\u00e4rung zur Unternehmensf\u00fchrung","url":"https:\/\/www.ezag.com\/de\/investoren\/corporate-governance\/archiv-erklaerung-zur-unternehmensfuehrung\/","target":""},"link2":"","file":"","btnausrichtung":"align-left","id":"","textrahmen":false,"twocoloum":false,"tableshort":false,"abstand_oben":true,"abstand_unten":true},{"acf_fc_layout":"modul_download","optik":"col-md-12","links":[{"file":10111,"link":"","text":"Entsprechenserkl\u00e4rung 2025"}],"more":"","moretext":"","id":"","abstand_oben":true,"abstand_unten":true},{"acf_fc_layout":"modul_text","headline":"","headlinetype":"p","headlineclass":"p","text":"","link":{"title":"Archiv Entsprechenserkl\u00e4rung","url":"https:\/\/www.ezag.com\/de\/investoren\/corporate-governance\/archiv-entsprechenserklaerung\/","target":""},"link2":"","file":"","btnausrichtung":"align-left","id":"","textrahmen":false,"twocoloum":false,"tableshort":false,"abstand_oben":true,"abstand_unten":true},{"acf_fc_layout":"modul_text","headline":"Abschlusspr\u00fcfer","headlinetype":"h3","headlineclass":"h3","text":"Die Hauptversammlung hat am 24. Juni 2026 die Forvis Mazars GmbH &amp; Co. KG Wirtschaftspr\u00fcfungsgesellschaft Steuerberatungsgesellschaft, Berlin, zum Abschlusspr\u00fcfer und Konzernabschlusspr\u00fcfer f\u00fcr das Gesch\u00e4ftsjahr 2026 gew\u00e4hlt","link":"","link2":"","file":"","btnausrichtung":"align-left","id":"","textrahmen":false,"twocoloum":false,"tableshort":false,"abstand_oben":true,"abstand_unten":true},{"acf_fc_layout":"modul_text","headline":"Verg\u00fctung","headlinetype":"h3","headlineclass":"h3","text":"","link":"","link2":"","file":"","btnausrichtung":"align-left","id":"","textrahmen":false,"twocoloum":false,"tableshort":false,"abstand_oben":true,"abstand_unten":true},{"acf_fc_layout":"modul_download","optik":"col-md-12","links":[{"file":10799,"link":"","text":"Verg\u00fctungssystem des Vorstands der Eckert & Ziegler SE 2026"}],"more":"","moretext":"","id":"","abstand_oben":true,"abstand_unten":true},{"acf_fc_layout":"modul_text","headline":"","headlinetype":"p","headlineclass":"p","text":"","link":{"title":"Archiv Verg\u00fctungssystem","url":"https:\/\/www.ezag.com\/de\/investoren\/corporate-governance\/archiv-verguetungssystem\/","target":""},"link2":"","file":"","btnausrichtung":"align-left","id":"","textrahmen":false,"twocoloum":false,"tableshort":false,"abstand_oben":true,"abstand_unten":true},{"acf_fc_layout":"modul_download","optik":"col-md-12","links":[{"file":10483,"link":"","text":"Verg\u00fctungsbericht 2025"}],"more":"","moretext":"","id":"","abstand_oben":true,"abstand_unten":true},{"acf_fc_layout":"modul_text","headline":"","headlinetype":"p","headlineclass":"p","text":"","link":{"title":"Archiv Verg\u00fctungsbericht","url":"https:\/\/www.ezag.com\/de\/investoren\/corporate-governance\/archiv-verguetungsbericht\/","target":""},"link2":"","file":"","btnausrichtung":"align-left","id":"","textrahmen":false,"twocoloum":false,"tableshort":false,"abstand_oben":true,"abstand_unten":false}],"thumb":"","kurzbeschreibung":""},"_links":{"self":[{"href":"https:\/\/www.ezag.com\/de\/wp-json\/wp\/v2\/pages\/714","targetHints":{"allow":["GET"]}}],"collection":[{"href":"https:\/\/www.ezag.com\/de\/wp-json\/wp\/v2\/pages"}],"about":[{"href":"https:\/\/www.ezag.com\/de\/wp-json\/wp\/v2\/types\/page"}],"author":[{"embeddable":true,"href":"https:\/\/www.ezag.com\/de\/wp-json\/wp\/v2\/users\/1"}],"replies":[{"embeddable":true,"href":"https:\/\/www.ezag.com\/de\/wp-json\/wp\/v2\/comments?post=714"}],"version-history":[{"count":61,"href":"https:\/\/www.ezag.com\/de\/wp-json\/wp\/v2\/pages\/714\/revisions"}],"predecessor-version":[{"id":10810,"href":"https:\/\/www.ezag.com\/de\/wp-json\/wp\/v2\/pages\/714\/revisions\/10810"}],"up":[{"embeddable":true,"href":"https:\/\/www.ezag.com\/de\/wp-json\/wp\/v2\/pages\/10"}],"wp:attachment":[{"href":"https:\/\/www.ezag.com\/de\/wp-json\/wp\/v2\/media?parent=714"}],"curies":[{"name":"wp","href":"https:\/\/api.w.org\/{rel}","templated":true}]}}